{"id":901,"date":"2017-11-27T13:06:12","date_gmt":"2017-11-27T13:06:12","guid":{"rendered":"http:\/\/test.gadoros.hu\/?page_id=901"},"modified":"2020-02-20T09:28:56","modified_gmt":"2020-02-20T09:28:56","slug":"top-4-1-1-15-bs1-2016-00014-orvosi-rendelo","status":"publish","type":"page","link":"http:\/\/gadoros.hu\/?page_id=901","title":{"rendered":"TOP-4.1.1-15-BS1-2016-00014 &#8211; Orvosi rendel\u0151"},"content":{"rendered":"<p><strong><img loading=\"lazy\" decoding=\"async\" class=\"alignright size-full wp-image-857\" src=\"http:\/\/test.gadoros.hu\/wp-content\/uploads\/2017\/11\/piaclogo.png\" alt=\"\" width=\"436\" height=\"301\" srcset=\"http:\/\/gadoros.hu\/wp-content\/uploads\/2017\/11\/piaclogo.png 436w, http:\/\/gadoros.hu\/wp-content\/uploads\/2017\/11\/piaclogo-300x207.png 300w\" sizes=\"(max-width: 436px) 100vw, 436px\" \/><\/strong><\/p>\n<p><strong>Projekt bemutat\u00e1sa<\/strong><\/p>\n<p><strong>\u00a0<\/strong><strong>Projekt c\u00edme, azonos\u00edt\u00f3 sz\u00e1ma: <\/strong><\/p>\n<p>\u201eOrvosi rendel\u0151 fejleszt\u00e9se G\u00e1doroson c\u00edm\u0171, TOP-4.1.1-15-BS1-2016-00014 azonos\u00edt\u00f3 sz\u00e1m\u00fa\u201d projekt.<\/p>\n<p><strong>Projekt tervezett, elsz\u00e1molhat\u00f3 \u00f6sszk\u00f6lts\u00e9ge: <\/strong>44.370.077 Ft.<\/p>\n<p><strong>Kedvezm\u00e9nyezett:<\/strong> G\u00e1doros Nagyk\u00f6zs\u00e9g \u00d6nkorm\u00e1nyzata<br \/>\n<strong>T\u00e1mogat\u00e1si m\u00e9rt\u00e9ke:<\/strong> 100%<br \/>\n<strong>A projekt tervezett befejez\u00e9si d\u00e1tuma: <\/strong>2019. 10. 14.<br \/>\n<strong>Konzorciumi partner<\/strong>: B\u00e9k\u00e9s Megyei \u00d6nkorm\u00e1nyzati Hivatal<\/p>\n<p><strong><u>Projekt r\u00f6vid m\u0171szaki, szakmai tartalma:<\/u><\/strong><\/p>\n<p><strong><u>A projekt c\u00e9lja: <\/u><\/strong><\/p>\n<p>G\u00e1doros nagyk\u00f6zs\u00e9g az Alf\u00f6ld d\u00e9li, B\u00e9k\u00e9s megye \u00e9szaknyugati kisz\u00f6gell\u00e9s\u00e9ben fekszik, k\u00f6zvetlen\u00fcl B\u00e9k\u00e9s \u00e9s Csongr\u00e1d megy\u00e9k hat\u00e1r\u00e1n\u00e1l az Orosh\u00e1zai J\u00e1r\u00e1sban. A telep\u00fcl\u00e9s \u00f6nkorm\u00e1nyzata az alapell\u00e1t\u00e1s vonatkoz\u00e1s\u00e1ban ter\u00fcleti ell\u00e1t\u00e1si k\u00f6telezetts\u00e9ggel m\u0171k\u00f6d\u0151 eg\u00e9szs\u00e9g\u00fcgyi szolg\u00e1ltat\u00f3, feladat\u00e1t a 2011. \u00e9vi CLXXXIX. t\u00f6rv\u00e9ny 13. \u00a7 alapj\u00e1n v\u00e9gzi. A telep\u00fcl\u00e9sen az alapell\u00e1t\u00e1si szolg\u00e1ltat\u00e1sok biztos\u00edt\u00e1sa folyamatos, az \u00f6nkorm\u00e1nyzat biztos\u00edtja a h\u00e1ziorvosi, fogorvosi \u00e9s v\u00e9d\u0151n\u0151i, valamint az iskolaeg\u00e9szs\u00e9g-\u00fcgyi szolg\u00e1latot. A feladatok ell\u00e1t\u00e1s\u00e1ra n\u00e9gy k\u00fcl\u00f6n \u00e9p\u00fcletben ker\u00fcl sor: jelen projekt keret\u00e9ben a II. k\u00f6rzet h\u00e1ziorvosi szolg\u00e1lat\u00e1nak helyet ad\u00f3, Nagy utca 52. sz\u00e1m alatti h\u00e1ziorvosi rendel\u0151 \u00e9rintett. A h\u00e1ziorvosi rendel\u0151 \u00e9s helyis\u00e9gei az \u00e9p\u00fclet f\u00f6ldszintj\u00e9n helyezkednek el, m\u00edg az emeleten 1 db szolg\u00e1lati lak\u00e1s is tal\u00e1lhat\u00f3, a feln\u0151tt h\u00e1ziorvos ebb\u0151l az \u00e9p\u00fcletb\u0151l az ell\u00e1t\u00e1st (ell\u00e1tottak sz\u00e1ma 1.953 f\u0151).<\/p>\n<p>\u00c1tfog\u00f3 c\u00e9lok:<\/p>\n<ul>\n<li>A j\u00f3 min\u0151s\u00e9g\u0171 k\u00f6zszolg\u00e1ltat\u00e1sokhoz val\u00f3 hozz\u00e1f\u00e9r\u00e9s jav\u00edt\u00e1sa;<\/li>\n<li>Az eg\u00e9szs\u00e9g\u00fcgyi alapell\u00e1t\u00f3-rendszer eredm\u00e9nyess\u00e9g\u00e9nek \u00e9s hat\u00e9konys\u00e1g\u00e1nak, valamint prevenci\u00f3s funkci\u00f3inak fokoz\u00e1sa;<\/li>\n<li>A telep\u00fcl\u00e9sen el\u00e9rhet\u0151 rendel\u0151 szolg\u00e1ltat\u00e1sainak \u00e9s infrastruktur\u00e1lis felt\u00e9teleinek korszer\u0171s\u00edt\u00e9se;<\/li>\n<li>A lakoss\u00e1g \u00e9lettartamon \u00e1t\u00edvel\u0151 komplex, definit\u00edv ell\u00e1t\u00e1sa, a t\u00e9rs\u00e9gre jellemz\u0151 magas mortalit\u00e1si adatok jav\u00edt\u00e1sa;<\/li>\n<li>A t\u00e9rs\u00e9gre jellemz\u0151 morbidit\u00e1si mutat\u00f3k jav\u00edt\u00e1sa a komplex adatgy\u0171jt\u00e9st \u00e9s feldolgoz\u00e1st valamint a prevent\u00edv gy\u00f3gy\u00e1szatot lehet\u0151v\u00e9 t\u00e9v\u0151 egym\u00e1sra \u00e9p\u00fcl\u0151 \u00e9s egym\u00e1st kieg\u00e9sz\u00edt\u0151 szolg\u00e1ltat\u00e1sok integr\u00e1ci\u00f3j\u00e1nak eredm\u00e9nyek\u00e9ppen;<\/li>\n<li>A prevent\u00edv eg\u00e9szs\u00e9gfejleszt\u00e9si szeml\u00e9let t\u00e1mogat\u00e1sa, valamint az eg\u00e9szs\u00e9gtudatos magatart\u00e1s el\u0151seg\u00edt\u00e9se.<\/li>\n<\/ul>\n<p>Specifikus c\u00e9lok:<\/p>\n<ul>\n<li>H\u00e1ziorvosi rendel\u0151 fel\u00faj\u00edt\u00e1sa, korszer\u0171s\u00edt\u00e9se, a min\u0151s\u00e9gi alapszolg\u00e1ltat\u00e1sokhoz val\u00f3 hozz\u00e1f\u00e9r\u00e9s el\u0151seg\u00edt\u00e9se;<\/li>\n<li>Min\u0151s\u00e9gi definit\u00edv ell\u00e1t\u00e1s biztos\u00edt\u00e1sa;<\/li>\n<li>Energiahat\u00e9konys\u00e1gi beavatkoz\u00e1s a korszer\u0171tlen, \u00f6nkorm\u00e1nyzati fenntart\u00e1s\u00fa \u00e9p\u00fcletek eset\u00e9ben;<\/li>\n<li>Az \u00e9p\u00fclet fizikai \u00e9s infokommunik\u00e1ci\u00f3s akad\u00e1lymentes\u00edt\u00e9se, a fogyat\u00e9kkal \u00e9l\u0151k \u00e9s megv\u00e1ltozott munkak\u00e9pess\u00e9g\u0171ek szolg\u00e1ltat\u00e1sokhoz val\u00f3 hozz\u00e1f\u00e9r\u00e9s\u00e9nek jav\u00edt\u00e1sa.<\/li>\n<\/ul>\n<p>A f\u0171t\u00e9s korszer\u0171s\u00edt\u00e9se keret\u00e9ben pedig \u00faj 24 kW-os kondenz\u00e1ci\u00f3s g\u00e1zkaz\u00e1n ker\u00fcl a megl\u00e9v\u0151 kaz\u00e1n hely\u00e9re ker\u00fcl fel a f\u0171t\u00e9s helyis\u00e9gben. Az akad\u00e1lymentes\u00edt\u00e9s sor\u00e1n az \u00e9p\u00fclet el\u0151tt, annak utcai f\u0151bej\u00e1rat\u00e1t\u00f3l 50 m\u00e9terre egy megl\u00e9v\u0151 parkol\u00f3ban felfest\u00e9ssel \u00e9s t\u00e1bl\u00e1val jel\u00f6lve mozg\u00e1skorl\u00e1tozott parkol\u00f3 ker\u00fcl kijel\u00f6l\u00e9sre, tov\u00e1bb\u00e1 az \u00e9p\u00fclet megk\u00f6zel\u00edt\u00e9s\u00e9hez \u00faj j\u00e1rd\u00e1k k\u00e9sz\u00fclnek, melyek cs\u00fasz\u00e1smentes beton t\u00e9rk\u0151vel kialak\u00edtott j\u00e1r\u00f3 fel\u00fclettel rendelkeznek majd.<\/p>\n<p>A l\u00e9tes\u00edtm\u00e9ny udvar\u00e1n valamint a bej\u00e1ratokn\u00e1l a burkolatban sz\u00ednben \u00e9s fel\u00fcletben elt\u00e9r\u0151 vezet\u0151s\u00e1v ker\u00fcl kialak\u00edt\u00e1sra, valamint r\u00e1mpa \u00e9p\u00edt\u00e9se is megval\u00f3sul az el\u0151\u00edr\u00e1soknak megfelel\u0151en. Az akad\u00e1lymentes k\u00f6zleked\u00e9s biztos\u00edt\u00e1s\u00e1ra az \u00e9p\u00edtm\u00e9ny bels\u0151 k\u00f6zleked\u0151it \u00e9s tereit \u00f6sszef\u00fcgg\u0151 cs\u00fasz\u00e1s \u00e9s s\u00fcpped\u00e9smentes padl\u00f3burkolattal k\u00e9sz\u00edtik, a vakok \u00e9s gyeng\u00e9nl\u00e1t\u00f3k sz\u00e1m\u00e1ra pedig az eligazod\u00e1st seg\u00edt\u0151 kitapinthat\u00f3 padl\u00f3burkolat \u00e9s optikai vezet\u0151 s\u00e1v l\u00e9tes\u00fcl.<\/p>\n<p>Akad\u00e1lymentes WC kialak\u00edt\u00e1sa is megval\u00f3sul. A fel\u00faj\u00edt\u00e1ssal megval\u00f3sul teh\u00e1t a projektar\u00e1nyos akad\u00e1lymentes\u00edt\u00e9s, az \u00e9p\u00fclet f\u0171t\u00e9s\u00e9nek korszer\u0171s\u00edt\u00e9se, a k\u00fcls\u0151 h\u0151szigetel\u00e9s \u00e9s a ny\u00edl\u00e1sz\u00e1r\u00f3k cser\u00e9je, ami hozz\u00e1j\u00e1rul a rendel\u0151\u00e9p\u00fclet \u00e9s a szolg\u00e1lati lak\u00e1s fenntart\u00e1si k\u00f6lts\u00e9geinek m\u00e9rs\u00e9kl\u00e9s\u00e9hez \u00e9s \u00edgy realiz\u00e1l\u00f3dik az \u00e9p\u00fclet energetikailag racionaliz\u00e1lt, k\u00f6lts\u00e9ghat\u00e9kony \u00e9s k\u00f6rnyezettudatos m\u0171k\u00f6d\u00e9se.<\/p>\n<p><img loading=\"lazy\" decoding=\"async\" class=\"alignright wp-image-885\" src=\"http:\/\/test.gadoros.hu\/wp-content\/uploads\/2017\/11\/toplogo2.jpg\" alt=\"\" width=\"436\" height=\"301\" srcset=\"http:\/\/gadoros.hu\/wp-content\/uploads\/2017\/11\/toplogo2.jpg 1453w, http:\/\/gadoros.hu\/wp-content\/uploads\/2017\/11\/toplogo2-300x207.jpg 300w, http:\/\/gadoros.hu\/wp-content\/uploads\/2017\/11\/toplogo2-768x531.jpg 768w, http:\/\/gadoros.hu\/wp-content\/uploads\/2017\/11\/toplogo2-1024x708.jpg 1024w, http:\/\/gadoros.hu\/wp-content\/uploads\/2017\/11\/toplogo2-624x431.jpg 624w\" sizes=\"(max-width: 436px) 100vw, 436px\" \/><\/p>\n","protected":false},"excerpt":{"rendered":"<p>Projekt bemutat\u00e1sa \u00a0Projekt c\u00edme, azonos\u00edt\u00f3 sz\u00e1ma: \u201eOrvosi rendel\u0151 fejleszt\u00e9se G\u00e1doroson c\u00edm\u0171, TOP-4.1.1-15-BS1-2016-00014 azonos\u00edt\u00f3 sz\u00e1m\u00fa\u201d projekt. Projekt tervezett, elsz\u00e1molhat\u00f3 \u00f6sszk\u00f6lts\u00e9ge: 44.370.077 Ft. Kedvezm\u00e9nyezett: G\u00e1doros Nagyk\u00f6zs\u00e9g \u00d6nkorm\u00e1nyzata T\u00e1mogat\u00e1si m\u00e9rt\u00e9ke: 100% A projekt tervezett befejez\u00e9si d\u00e1tuma: 2019. 10. 14. Konzorciumi partner: B\u00e9k\u00e9s Megyei \u00d6nkorm\u00e1nyzati Hivatal Projekt r\u00f6vid m\u0171szaki, szakmai tartalma: A projekt c\u00e9lja: G\u00e1doros nagyk\u00f6zs\u00e9g az Alf\u00f6ld d\u00e9li, [&hellip;]<\/p>\n","protected":false},"author":1,"featured_media":0,"parent":0,"menu_order":0,"comment_status":"closed","ping_status":"closed","template":"","meta":{"footnotes":""},"_links":{"self":[{"href":"http:\/\/gadoros.hu\/index.php?rest_route=\/wp\/v2\/pages\/901"}],"collection":[{"href":"http:\/\/gadoros.hu\/index.php?rest_route=\/wp\/v2\/pages"}],"about":[{"href":"http:\/\/gadoros.hu\/index.php?rest_route=\/wp\/v2\/types\/page"}],"author":[{"embeddable":true,"href":"http:\/\/gadoros.hu\/index.php?rest_route=\/wp\/v2\/users\/1"}],"replies":[{"embeddable":true,"href":"http:\/\/gadoros.hu\/index.php?rest_route=%2Fwp%2Fv2%2Fcomments&post=901"}],"version-history":[{"count":4,"href":"http:\/\/gadoros.hu\/index.php?rest_route=\/wp\/v2\/pages\/901\/revisions"}],"predecessor-version":[{"id":2038,"href":"http:\/\/gadoros.hu\/index.php?rest_route=\/wp\/v2\/pages\/901\/revisions\/2038"}],"wp:attachment":[{"href":"http:\/\/gadoros.hu\/index.php?rest_route=%2Fwp%2Fv2%2Fmedia&parent=901"}],"curies":[{"name":"wp","href":"https:\/\/api.w.org\/{rel}","templated":true}]}}