{"id":4524,"date":"2024-02-27T08:28:08","date_gmt":"2024-02-27T07:28:08","guid":{"rendered":"http:\/\/www.gadoros.hu\/?page_id=4524"},"modified":"2024-02-27T14:12:44","modified_gmt":"2024-02-27T13:12:44","slug":"proba","status":"publish","type":"page","link":"http:\/\/gadoros.hu\/?page_id=4524","title":{"rendered":""},"content":{"rendered":"\n<div class=\"wp-block-cover alignfull is-light\" style=\"min-height:618px;aspect-ratio:unset;\"><span aria-hidden=\"true\" class=\"wp-block-cover__background has-background-dim-100 has-background-dim\" style=\"background-color:#ffffff\"><\/span><div class=\"wp-block-cover__inner-container is-layout-flow wp-block-cover-is-layout-flow\">\n<div class=\"wp-block-media-text alignwide is-stacked-on-mobile is-vertically-aligned-center is-image-fill\" style=\"grid-template-columns:51% auto\"><figure class=\"wp-block-media-text__media\" style=\"background-image:url(http:\/\/gadoros.hu\/wp-content\/uploads\/2013\/11\/legifelv-1024x682.jpg);background-position:52% 75%\"><img loading=\"lazy\" decoding=\"async\" width=\"1024\" height=\"682\" src=\"http:\/\/gadoros.hu\/wp-content\/uploads\/2013\/11\/legifelv-1024x682.jpg\" alt=\"\" class=\"wp-image-20 size-full\" srcset=\"http:\/\/gadoros.hu\/wp-content\/uploads\/2013\/11\/legifelv-1024x682.jpg 1024w, http:\/\/gadoros.hu\/wp-content\/uploads\/2013\/11\/legifelv-300x200.jpg 300w, http:\/\/gadoros.hu\/wp-content\/uploads\/2013\/11\/legifelv-624x416.jpg 624w, http:\/\/gadoros.hu\/wp-content\/uploads\/2013\/11\/legifelv.jpg 1500w\" sizes=\"(max-width: 1024px) 100vw, 1024px\" \/><\/figure><div class=\"wp-block-media-text__content\">\n<h2 class=\"wp-block-heading has-text-color\" style=\"color:#000000;font-size:32px\">G\u00e1doros Turizmusa<\/h2>\n\n\n\n<p class=\"has-text-color\" style=\"color:#000000;font-size:17px\"><br>Az Alf\u00f6ld\u00f6n elhelyezked\u0151 k\u00f6zs\u00e9g\u00fcnkbe ell\u00e1togat\u00f3 turista&nbsp; kellemesen t\u00f6ltheti el idej\u00e9t. A falu rendezett, tiszta vir\u00e1gos, z\u00f6ld\u00f6vezetekkel tark\u00edtott k\u00f6rnyezete csendes, nyugodt pihen\u00e9st biztos\u00edt az ide \u00e9rkez\u0151k sz\u00e1m\u00e1ra. Eml\u00e9km\u0171veink, parkjaink megtekint\u00e9se a tartalmas kikapcsol\u00f3d\u00e1st teszik lehet\u0151v\u00e9.<\/p>\n<\/div><\/div>\n<\/div><\/div>\n\n\n\n<div class=\"wp-block-media-text alignfull has-media-on-the-right is-stacked-on-mobile is-vertically-aligned-center is-style-default\" style=\"grid-template-columns:auto 47%\"><div class=\"wp-block-media-text__content\">\n<p class=\"has-text-color\" style=\"color:#636363;font-size:17px;line-height:1.1\">G\u00e1doroson elid\u0151z\u0151k sz\u00e1m\u00e1ra els\u0151k\u00e9nt a R\u00f3mai Katolikus Templom \u00e9p\u00fclet\u00e9t \u00e9rdemes felkeresni. Szauer Alajos \/1874-1905\/ pl\u00e9b\u00e1nos volt az, aki megszervezte a templom \u00e9p\u00edt\u00e9s\u00e9t, Macs\u00e1n Gy\u00f6rgy \u00e9p\u00edt\u00e9sz tervei alapj\u00e1n. 1890. szeptember 09-\u00e9n tett\u00e9k le az alapk\u00f6vet, majd 1891. szeptember 08-\u00e1n, M\u00e1ria sz\u00fclet\u00e9s\u00e9nek napj\u00e1n az elk\u00e9sz\u00fclt templomot az akkori nagyv\u00e1radi p\u00fcsp\u00f6k felszentelte. A f\u0151olt\u00e1r a k\u00e9t mell\u00e9kolt\u00e1r \u00e9s a sz\u00f3sz\u00e9k neog\u00f3tikus st\u00edlusban k\u00e9sz\u00fclt. Az \u00e9p\u00fclet Fekete Istv\u00e1n mester keze munk\u00e1ja. Az orgon\u00e1t 1893-ban a budapesti belv\u00e1rosi templomb\u00f3l v\u00e1s\u00e1rolt\u00e1k.<\/p>\n<\/div><figure class=\"wp-block-media-text__media\"><img loading=\"lazy\" decoding=\"async\" width=\"397\" height=\"600\" src=\"http:\/\/gadoros.hu\/wp-content\/uploads\/2013\/12\/sights_0106.jpg\" alt=\"\" class=\"wp-image-187 size-full\" srcset=\"http:\/\/gadoros.hu\/wp-content\/uploads\/2013\/12\/sights_0106.jpg 397w, http:\/\/gadoros.hu\/wp-content\/uploads\/2013\/12\/sights_0106-198x300.jpg 198w\" sizes=\"(max-width: 397px) 100vw, 397px\" \/><\/figure><\/div>\n\n\n\n<p><\/p>\n\n\n\n<div class=\"wp-block-columns alignwide are-vertically-aligned-top is-layout-flex wp-container-core-columns-is-layout-1 wp-block-columns-is-layout-flex\">\n<div class=\"wp-block-column is-vertically-aligned-top is-layout-flow wp-block-column-is-layout-flow\">\n<div class=\"wp-block-group wp-container-content-2 is-vertical is-content-justification-left is-nowrap is-layout-flex wp-container-core-group-is-layout-1 wp-block-group-is-layout-flex\" style=\"margin-top:0;margin-bottom:0\">\n<figure class=\"wp-block-image size-full wp-container-content-1\"><img loading=\"lazy\" decoding=\"async\" width=\"450\" height=\"600\" src=\"http:\/\/gadoros.hu\/wp-content\/uploads\/2013\/12\/sights_0054.jpg\" alt=\"\" class=\"wp-image-182\" srcset=\"http:\/\/gadoros.hu\/wp-content\/uploads\/2013\/12\/sights_0054.jpg 450w, http:\/\/gadoros.hu\/wp-content\/uploads\/2013\/12\/sights_0054-225x300.jpg 225w\" sizes=\"(max-width: 450px) 100vw, 450px\" \/><\/figure>\n\n\n\n<p>A templom el\u0151kertj\u00e9ben ker\u00fclt elhelyez\u00e9sre a II. vil\u00e1gh\u00e1bor\u00faban elesett katon\u00e1k eml\u00e9km\u0171ve, melyet 1989-ben Bord\u00e1s Tibor szobr\u00e1szm\u0171v\u00e9sz k\u00e9sz\u00edtett a k\u00f6zs\u00e9g felk\u00e9r\u00e9se alapj\u00e1n. Az eml\u00e9khely megval\u00f3s\u00edt\u00e1s\u00e1hoz sz\u00fcks\u00e9ges \u00f6sszeget a lakoss\u00e1g k\u00f6zadakoz\u00e1ssal gy\u0171jt\u00f6tte \u00f6ssze. Figyelemre m\u00e9lt\u00f3 a F\u0151 utc\u00e1n tal\u00e1lhat\u00f3 Gondoz\u00e1si K\u00f6zpont \u00e9s a volt K\u00f6nyvt\u00e1r \u00e9p\u00fclete is. Az \u00d6NO egy folyamatosan b\u0151v\u00fcl\u0151 \u00e9p\u00fclet-egy\u00fcttessel rendelkezik. Az int\u00e9zm\u00e9ny az id\u0151s emberek sz\u00e1m\u00e1ra megfelel\u0151 k\u00f6rnyezetet, ell\u00e1t\u00e1st, k\u00e9nyelmet biztos\u00edt. A k\u00f6zs\u00e9gi K\u00f6nyvt\u00e1r pedig k\u00e9szs\u00e9ggel \u00e1ll az ell\u00e1togat\u00f3 vend\u00e9gek szolg\u00e1lat\u00e1ra.<\/p>\n<\/div>\n<\/div>\n\n\n\n<div class=\"wp-block-column is-vertically-aligned-top is-layout-flow wp-block-column-is-layout-flow\">\n<div class=\"wp-block-group wp-container-content-3 is-vertical is-layout-flex wp-container-core-group-is-layout-3 wp-block-group-is-layout-flex\" style=\"margin-top:0;margin-bottom:0\">\n<figure class=\"wp-block-image size-full is-resized\" style=\"font-size:14px\"><img loading=\"lazy\" decoding=\"async\" width=\"450\" height=\"600\" src=\"http:\/\/gadoros.hu\/wp-content\/uploads\/2013\/12\/sights_0073.jpg\" alt=\"\" class=\"wp-image-184\" style=\"width:320px;height:auto\" srcset=\"http:\/\/gadoros.hu\/wp-content\/uploads\/2013\/12\/sights_0073.jpg 450w, http:\/\/gadoros.hu\/wp-content\/uploads\/2013\/12\/sights_0073-225x300.jpg 225w\" sizes=\"(max-width: 450px) 100vw, 450px\" \/><\/figure>\n\n\n\n<div class=\"wp-block-group is-vertical is-nowrap is-layout-flex wp-container-core-group-is-layout-2 wp-block-group-is-layout-flex\">\n<p>S\u00e9t\u00e1nkat folytatva a Kossuth utc\u00e1n el\u00e9rkez\u00fcnk a Turul-eml\u00e9km\u0171h\u00f6z, melyet az I. vil\u00e1gh\u00e1bor\u00faban elesett 135 g\u00e1dorosi katona tisztelet\u00e9re emeltek. A 135 h\u0151s nev\u00e9t tartalmaz\u00f3 t\u00e1bla k\u00e9s\u0151bb ker\u00fclt a talapzatra. A Kossuth utc\u00e1n tov\u00e1bb haladva a dr. Hidasi L\u00e1szl\u00f3 kerthez 4. juthat az ide l\u00e1togat\u00f3. Az egykori nagyra becs\u00fclt doktorunk mellszobra nyitja meg a kertet.A torjai sz\u00e9kely emberekkel k\u00f6t\u00f6tt bar\u00e1ts\u00e1g szimb\u00f3luma&nbsp; a sz\u00e9kely kapu, mely alatt \u00e1ts\u00e9t\u00e1lva a&nbsp;<a href=\"http:\/\/gadoros.hu\/index.php\/polgarmesteri-hivatal\">Polg\u00e1rmesteri Hivatal<\/a>&nbsp;\u00e9p\u00fclet\u00e9hez, valamint az 1999-ben felavatott eml\u00e9km\u0171h\u00f6z visz tov\u00e1bb utunk. A g\u00e1dor alak\u00fa eml\u00e9km\u0171 az 1848-49-es forradalom \u00e9s szabads\u00e1g harcra eml\u00e9kezteti az el\u0151tte elhalad\u00f3kat.<\/p>\n<\/div>\n<\/div>\n<\/div>\n<\/div>\n\n\n\n<div class=\"wp-block-cover alignfull is-light\" style=\"min-height:298px;aspect-ratio:unset;\"><span aria-hidden=\"true\" class=\"wp-block-cover__background has-background-dim-100 has-background-dim\" style=\"background-color:#ffffff\"><\/span><div class=\"wp-block-cover__inner-container is-layout-flow wp-block-cover-is-layout-flow\">\n<div class=\"wp-block-media-text alignwide has-media-on-the-right is-stacked-on-mobile is-vertically-aligned-center is-image-fill\" style=\"grid-template-columns:auto 30%\"><div class=\"wp-block-media-text__content\">\n<p>A\u00a0<a href=\"http:\/\/gadoros.hu\/index.php\/mveldesi-haz-es-koenyvtar\">Justh Zsigmond M\u0171vel\u0151d\u00e9si H\u00e1z<\/a>\u00a0is itt helyezkedik el. Az \u00e9p\u00fclet nev\u00e9t a fiatalon elhunyt szenttornyai \u00edr\u00f3r\u00f3l kapta. Justh Zsigmond s\u00edreml\u00e9ke a g\u00e1dorosi \u00faj temet\u0151ben tekinthet\u0151 meg.<\/p>\n<\/div><figure class=\"wp-block-media-text__media\" style=\"background-image:url(http:\/\/gadoros.hu\/wp-content\/uploads\/2013\/12\/sights_0104.jpg);background-position:50% 50%\"><img loading=\"lazy\" decoding=\"async\" width=\"504\" height=\"600\" src=\"http:\/\/gadoros.hu\/wp-content\/uploads\/2013\/12\/sights_0104.jpg\" alt=\"\" class=\"wp-image-186 size-full\" srcset=\"http:\/\/gadoros.hu\/wp-content\/uploads\/2013\/12\/sights_0104.jpg 504w, http:\/\/gadoros.hu\/wp-content\/uploads\/2013\/12\/sights_0104-252x300.jpg 252w\" sizes=\"(max-width: 504px) 100vw, 504px\" \/><\/figure><\/div>\n<\/div><\/div>\n\n\n\n<p><\/p>\n\n\n\n<div class=\"wp-block-columns alignwide are-vertically-aligned-top is-layout-flex wp-container-core-columns-is-layout-2 wp-block-columns-is-layout-flex\">\n<div class=\"wp-block-column is-vertically-aligned-top is-layout-flow wp-block-column-is-layout-flow\">\n<div class=\"wp-block-group wp-container-content-5 is-vertical is-content-justification-left is-nowrap is-layout-flex wp-container-core-group-is-layout-5 wp-block-group-is-layout-flex\" style=\"margin-top:0;margin-bottom:0\">\n<figure class=\"wp-block-image size-full is-resized wp-container-content-4\"><img loading=\"lazy\" decoding=\"async\" width=\"800\" height=\"600\" src=\"http:\/\/gadoros.hu\/wp-content\/uploads\/2013\/12\/sights_0064.jpg\" alt=\"\" class=\"wp-image-183\" style=\"width:352px;height:auto\" srcset=\"http:\/\/gadoros.hu\/wp-content\/uploads\/2013\/12\/sights_0064.jpg 800w, http:\/\/gadoros.hu\/wp-content\/uploads\/2013\/12\/sights_0064-300x225.jpg 300w, http:\/\/gadoros.hu\/wp-content\/uploads\/2013\/12\/sights_0064-624x468.jpg 624w\" sizes=\"(max-width: 800px) 100vw, 800px\" \/><\/figure>\n\n\n\n<div class=\"wp-block-group is-vertical is-nowrap is-layout-flex wp-container-core-group-is-layout-4 wp-block-group-is-layout-flex\">\n<p>Szint\u00e9n egy kiemelked\u0151 szem\u00e9lyis\u00e9gr\u0151l kapta nev\u00e9t a&nbsp;<a href=\"http:\/\/gadoros.hu\/index.php\/altalanos-iskola\">N\u00e9mann Val\u00e9ria \u00c1ltal\u00e1nos Iskola<\/a>&nbsp;\u2013 2012 \u00f3ta Kisboldogasszony Katolikus \u00c1ltal\u00e1nos Iskola. A tekint\u00e9lyt meg\u00e9rdeml\u0151 tan\u00e1rn\u0151 nyughelye a helyi \u00faj temet\u0151ben tal\u00e1lhat\u00f3. A k\u00f6zs\u00e9gnek k\u00e9t impoz\u00e1ns \u00e9p\u00fclete van, melyek k\u00f6z\u00fcl a Posta az \u00e1ltal\u00e1nos iskola k\u00f6zponti l\u00e9tes\u00edtm\u00e9nye mellett foglal helyet. A m\u00e1sik, a B\u00e9k\u00e9s Takar\u00e9k objektuma pedig a H\u00e9tvez\u00e9r parkon \u00e1t tett s\u00e9t\u00e1val k\u00f6zel\u00edthet\u0151 meg. Az \u00e9rdekl\u0151d\u0151k sz\u00e1m\u00e1ra megtekint\u00e9sre \u00e9rdemes m\u00e9g a Kossuth utcai \u201egeszteny\u00e9s\u201d j\u00e1tsz\u00f3t\u00e9r modern, a kor szellem\u00e9nek megfelel\u0151 fa j\u00e1t\u00e9kaival, valamint a reform\u00e1tus \u00e9s az evang\u00e9likus templomok \u00e9p\u00fcletei. Felkereshet\u0151 m\u00e9g a temet\u0151ben kialak\u00edtott V\u00e9rtan\u00fak Ligete, Udvardi Kossuth L\u00e1szl\u00f3n\u00e9 \u00e9s Baross K\u00e1roly neves szem\u00e9lyis\u00e9geink s\u00edreml\u00e9ke is. A kisebb t\u00far\u00e1ra v\u00e1llalkoz\u00f3k sz\u00e1m\u00e1ra a falu hat\u00e1r\u00e1ban tal\u00e1lhat\u00f3 Werner kast\u00e9ly \u00e9s sz\u00e9pen kialak\u00edtott parkja kellemes pihen\u00e9st ny\u00fajthat. Aki nyugodt pihen\u00e9sre \u00e9s csendes, sz\u00e9p k\u00f6rnyezetre v\u00e1gyik, keresse fel telep\u00fcl\u00e9s\u00fcnket, vegye ig\u00e9nybe a falu ny\u00fajtotta szolg\u00e1ltat\u00e1sokat, ismerje meg a vid\u00e9ki \u00e9let sz\u00e9ps\u00e9geit!<\/p>\n<\/div>\n<\/div>\n<\/div>\n<\/div>\n","protected":false},"excerpt":{"rendered":"<p>G\u00e1doroson elid\u0151z\u0151k sz\u00e1m\u00e1ra els\u0151k\u00e9nt a R\u00f3mai Katolikus Templom \u00e9p\u00fclet\u00e9t \u00e9rdemes felkeresni. Szauer Alajos \/1874-1905\/ pl\u00e9b\u00e1nos volt az, aki megszervezte a templom \u00e9p\u00edt\u00e9s\u00e9t, Macs\u00e1n Gy\u00f6rgy \u00e9p\u00edt\u00e9sz tervei alapj\u00e1n. 1890. szeptember 09-\u00e9n tett\u00e9k le az alapk\u00f6vet, majd 1891. szeptember 08-\u00e1n, M\u00e1ria sz\u00fclet\u00e9s\u00e9nek napj\u00e1n az elk\u00e9sz\u00fclt templomot az akkori nagyv\u00e1radi p\u00fcsp\u00f6k felszentelte. A f\u0151olt\u00e1r a k\u00e9t mell\u00e9kolt\u00e1r \u00e9s [&hellip;]<\/p>\n","protected":false},"author":7,"featured_media":0,"parent":0,"menu_order":0,"comment_status":"closed","ping_status":"closed","template":"","meta":{"footnotes":""},"_links":{"self":[{"href":"http:\/\/gadoros.hu\/index.php?rest_route=\/wp\/v2\/pages\/4524"}],"collection":[{"href":"http:\/\/gadoros.hu\/index.php?rest_route=\/wp\/v2\/pages"}],"about":[{"href":"http:\/\/gadoros.hu\/index.php?rest_route=\/wp\/v2\/types\/page"}],"author":[{"embeddable":true,"href":"http:\/\/gadoros.hu\/index.php?rest_route=\/wp\/v2\/users\/7"}],"replies":[{"embeddable":true,"href":"http:\/\/gadoros.hu\/index.php?rest_route=%2Fwp%2Fv2%2Fcomments&post=4524"}],"version-history":[{"count":8,"href":"http:\/\/gadoros.hu\/index.php?rest_route=\/wp\/v2\/pages\/4524\/revisions"}],"predecessor-version":[{"id":4831,"href":"http:\/\/gadoros.hu\/index.php?rest_route=\/wp\/v2\/pages\/4524\/revisions\/4831"}],"wp:attachment":[{"href":"http:\/\/gadoros.hu\/index.php?rest_route=%2Fwp%2Fv2%2Fmedia&parent=4524"}],"curies":[{"name":"wp","href":"https:\/\/api.w.org\/{rel}","templated":true}]}}