{"id":2588,"date":"2020-11-02T08:16:39","date_gmt":"2020-11-02T08:16:39","guid":{"rendered":"http:\/\/www.gadoros.hu\/?page_id=2588"},"modified":"2023-08-10T09:53:50","modified_gmt":"2023-08-10T07:53:50","slug":"top-1-4-1-19-bs1-2019-00019-mini-bolcsode","status":"publish","type":"page","link":"http:\/\/gadoros.hu\/?page_id=2588","title":{"rendered":"TOP-1.4.1-19-BS1-2019-00019 &#8211; Mini B\u00f6lcs\u0151de"},"content":{"rendered":"<p><img loading=\"lazy\" decoding=\"async\" class=\"alignright size-full wp-image-857\" src=\"http:\/\/gadoros.hu\/wp-content\/uploads\/2017\/11\/piaclogo.png\" alt=\"\" width=\"436\" height=\"301\" srcset=\"http:\/\/gadoros.hu\/wp-content\/uploads\/2017\/11\/piaclogo.png 436w, http:\/\/gadoros.hu\/wp-content\/uploads\/2017\/11\/piaclogo-300x207.png 300w\" sizes=\"(max-width: 436px) 100vw, 436px\" \/><\/p>\n<p><strong>Kedvezm\u00e9nyezett neve: <\/strong>G\u00e1doros Nagyk\u00f6zs\u00e9g \u00d6nkorm\u00e1nyzata<\/p>\n<p><strong>A projekt c\u00edme: <\/strong>Mini B\u00f6lcs\u0151de kialak\u00edt\u00e1s G\u00e1doroson<\/p>\n<p><strong>Szerz\u0151d\u00f6tt t\u00e1mogat\u00e1s \u00f6sszege: <\/strong>82 788 858 forint<\/p>\n<p><strong>T\u00e1mogat\u00e1s m\u00e9rt\u00e9ke:<\/strong> 100 %<\/p>\n<p>A f\u0151kedvezm\u00e9nyezett G\u00e1doros Nagyk\u00f6zs\u00e9g \u00d6nkorm\u00e1nyzata jelenleg a 0-3 \u00e9ves koroszt\u00e1lynak b\u00f6lcs\u0151dei, mini b\u00f6lcs\u0151dei, csal\u00e1di b\u00f6lcs\u0151dei ell\u00e1t\u00e1st nem ny\u00fajt.<br \/>A fejleszt\u00e9ssel \u00e9rintett int\u00e9zm\u00e9ny jelenlegi\u00a0 neve: G\u00e1doros Nagyk\u00f6zs\u00e9g \u00d6nkorm\u00e1nyzata K\u00e9pvisel\u0151- test\u00fclet\u00e9nek Napk\u00f6zi Otthonos \u00d3vod\u00e1ja. Ezen int\u00e9zm\u00e9ny kor\u00e1bban \u00f3vodak\u00e9nt m\u0171k\u00f6d\u0151, jelenleg \u00fcresen \u00e1ll\u00f3, kihaszn\u00e1latlan ingatlan\u00e1t k\u00edv\u00e1nta minib\u00f6lcs\u0151dei ell\u00e1t\u00e1st biztos\u00edt\u00f3 telephelyk\u00e9nt \u00e1talak\u00edtani. Az 1950- ben \u00e9p\u00fclt, 169 m2 alapter\u00fclet\u0171 fejleszt\u00e9snek helyt ad\u00f3 ingatlan G\u00e1doroson a Kossuth L u. 17. sz\u00e1m alatt tal\u00e1lhat\u00f3. Tulajdonosa a f\u0151kedvezm\u00e9nyezett G\u00e1doros Nagyk\u00f6zs\u00e9g \u00d6nkorm\u00e1nyzata. Ezen ingatlan \u00e1talak\u00edt\u00e1s\u00e1val, fel\u00faj\u00edt\u00e1s\u00e1val tervezett G\u00e1doros Nagyk\u00f6zs\u00e9g \u00d6nkorm\u00e1nyzata 2 csoportszob\u00e1s mini b\u00f6lcs\u0151d\u00e9t kialak\u00edtani \u00e9s fenntartani.<\/p>\n<p><strong>A projekt \u00e1tfog\u00f3 \u00e9s specifikus c\u00e9ljai, elv\u00e1rt eredm\u00e9nyei:<br \/><\/strong>A p\u00e1ly\u00e1zat f\u0151 c\u00e9lja, 2 csoportos, csoportonk\u00e9nt 7 f\u00e9r\u0151helyes mini b\u00f6lcs\u0151de kialak\u00edt\u00e1sa volt.\u00a0 G\u00e1doroson nem volt biztos\u00edtva a 0-3 \u00e9ves koroszt\u00e1ly sz\u00e1m\u00e1ra a b\u00f6lcs\u0151dei, mini b\u00f6lcs\u0151dei, csal\u00e1di b\u00f6lcs\u0151dei ell\u00e1t\u00e1s.\u00a0 A projekt c\u00e9lja teh\u00e1t biztos\u00edtani a 3 \u00e9ven aluli kisgyermekek sz\u00e1m\u00e1ra a napk\u00f6zbeni elhelyez\u00e9st biztos\u00edt\u00f3 mini b\u00f6lcs\u0151dei ell\u00e1t\u00e1st, a kisgyermekek sz\u00e1m\u00e1ra eszt\u00e9tikus \u00e9s eg\u00e9szs\u00e9ges k\u00f6rnyezet megteremt\u00e9se, mely \u00e1ltal a kisgyermekes sz\u00fcl\u0151k munkaer\u0151piacra t\u00f6rt\u00e9n\u0151 visszat\u00e9r\u00e9st is seg\u00edtett\u00fck.\u00a0 A projekt eredm\u00e9nyek\u00e9nt 2 csoportos, csoportonk\u00e9nt 7 f\u00e9r\u0151helyes mini b\u00f6lcs\u0151de l\u00e9tes\u00fclt, \u00faj szolg\u00e1ltat\u00e1sk\u00e9nt.<\/p>\n<p>Az \u00e9p\u00fcletb\u0151v\u00edt\u00e9s, fel\u00faj\u00edt\u00e1s \u00e9s eszk\u00f6zbeszerz\u00e9s hozz\u00e1j\u00e1rult ahhoz, hogy az int\u00e9zm\u00e9nybe j\u00e1r\u00f3 b\u00f6lcs\u0151d\u00e9sek optim\u00e1lis k\u00f6rnyezetben t\u00f6lts\u00e9k napjaikat, ergon\u00f3miai szempontoknak megfelel\u0151 b\u00fatorok biztos\u00edts\u00e1k a mindennapi k\u00e9nyelm\u00fcket. A gondoz\u00f3-nevel\u0151 munk\u00e1t v\u00e9gz\u0151 pedag\u00f3gusok \u00e9s seg\u00edt\u0151k r\u00e9sz\u00e9re rendelkez\u00e9sre \u00e1llnak azok az eszk\u00f6z\u00f6k, melyek a kisgyermekek eg\u00e9szs\u00e9ges testi fejl\u0151d\u00e9s\u00e9hez hozz\u00e1j\u00e1rulnak.<\/p>\n<p><strong>V\u00e1llalt m\u0171szaki-szakmai eredm\u00e9nyek:<br \/><\/strong>A projekt fizikai befejez\u00e9s\u00e9nek id\u0151pontj\u00e1ra az al\u00e1bbi, szakmai c\u00e9lok teljes\u00fcl\u00e9s\u00e9re tesz\u00fcnk v\u00e1llal\u00e1st:<\/p>\n<ol>\n<li>A b\u00f6lcs\u0151dei ell\u00e1t\u00e1st ny\u00fajt\u00f3 \u00faj int\u00e9zm\u00e9nyek\/szolg\u00e1ltat\u00e1sok sz\u00e1ma: 1<\/li>\n<li>A b\u00f6lcs\u0151dei ell\u00e1t\u00e1st ny\u00fajt\u00f3 int\u00e9zm\u00e9ny\/szolg\u00e1ltat\u00e1s \u00faj f\u00e9r\u0151helyeinek sz\u00e1ma: 14<\/li>\n<li>B\u00f6lcs\u0151d\u00e9ben, mini b\u00f6lcs\u0151d\u00e9ben, csal\u00e1di b\u00f6lcs\u0151d\u00e9ben \u00fajonnan l\u00e9trehozott munkahelyek sz\u00e1ma: 5<\/li>\n<\/ol>\n<p><strong>A projekt befejez\u00e9si d\u00e1tuma: <\/strong>2023.05.30.<\/p>\n<p><strong>A projekt azonos\u00edt\u00f3 sz\u00e1ma: <\/strong>TOP-1.4.1-19-BS1-2019-00019<\/p>\n<p><img loading=\"lazy\" decoding=\"async\" class=\"alignright wp-image-885\" src=\"http:\/\/gadoros.hu\/wp-content\/uploads\/2017\/11\/toplogo2.jpg\" alt=\"\" width=\"436\" height=\"301\" srcset=\"http:\/\/gadoros.hu\/wp-content\/uploads\/2017\/11\/toplogo2.jpg 1453w, http:\/\/gadoros.hu\/wp-content\/uploads\/2017\/11\/toplogo2-300x207.jpg 300w, http:\/\/gadoros.hu\/wp-content\/uploads\/2017\/11\/toplogo2-768x531.jpg 768w, http:\/\/gadoros.hu\/wp-content\/uploads\/2017\/11\/toplogo2-1024x708.jpg 1024w, http:\/\/gadoros.hu\/wp-content\/uploads\/2017\/11\/toplogo2-624x431.jpg 624w\" sizes=\"(max-width: 436px) 100vw, 436px\" \/><\/p>\n\n\n<p><\/p>\n","protected":false},"excerpt":{"rendered":"<p>Kedvezm\u00e9nyezett neve: G\u00e1doros Nagyk\u00f6zs\u00e9g \u00d6nkorm\u00e1nyzata A projekt c\u00edme: Mini B\u00f6lcs\u0151de kialak\u00edt\u00e1s G\u00e1doroson Szerz\u0151d\u00f6tt t\u00e1mogat\u00e1s \u00f6sszege: 82 788 858 forint T\u00e1mogat\u00e1s m\u00e9rt\u00e9ke: 100 % A f\u0151kedvezm\u00e9nyezett G\u00e1doros Nagyk\u00f6zs\u00e9g \u00d6nkorm\u00e1nyzata jelenleg a 0-3 \u00e9ves koroszt\u00e1lynak b\u00f6lcs\u0151dei, mini b\u00f6lcs\u0151dei, csal\u00e1di b\u00f6lcs\u0151dei ell\u00e1t\u00e1st nem ny\u00fajt.A fejleszt\u00e9ssel \u00e9rintett int\u00e9zm\u00e9ny jelenlegi\u00a0 neve: G\u00e1doros Nagyk\u00f6zs\u00e9g \u00d6nkorm\u00e1nyzata K\u00e9pvisel\u0151- test\u00fclet\u00e9nek Napk\u00f6zi Otthonos \u00d3vod\u00e1ja. Ezen [&hellip;]<\/p>\n","protected":false},"author":3,"featured_media":0,"parent":0,"menu_order":0,"comment_status":"closed","ping_status":"closed","template":"","meta":{"footnotes":""},"_links":{"self":[{"href":"http:\/\/gadoros.hu\/index.php?rest_route=\/wp\/v2\/pages\/2588"}],"collection":[{"href":"http:\/\/gadoros.hu\/index.php?rest_route=\/wp\/v2\/pages"}],"about":[{"href":"http:\/\/gadoros.hu\/index.php?rest_route=\/wp\/v2\/types\/page"}],"author":[{"embeddable":true,"href":"http:\/\/gadoros.hu\/index.php?rest_route=\/wp\/v2\/users\/3"}],"replies":[{"embeddable":true,"href":"http:\/\/gadoros.hu\/index.php?rest_route=%2Fwp%2Fv2%2Fcomments&post=2588"}],"version-history":[{"count":6,"href":"http:\/\/gadoros.hu\/index.php?rest_route=\/wp\/v2\/pages\/2588\/revisions"}],"predecessor-version":[{"id":4076,"href":"http:\/\/gadoros.hu\/index.php?rest_route=\/wp\/v2\/pages\/2588\/revisions\/4076"}],"wp:attachment":[{"href":"http:\/\/gadoros.hu\/index.php?rest_route=%2Fwp%2Fv2%2Fmedia&parent=2588"}],"curies":[{"name":"wp","href":"https:\/\/api.w.org\/{rel}","templated":true}]}}